{"id":55,"date":"2023-08-03T08:34:28","date_gmt":"2023-08-03T08:34:28","guid":{"rendered":"https:\/\/semjonsemjon.com\/?page_id=55"},"modified":"2026-04-01T16:22:42","modified_gmt":"2026-04-01T16:22:42","slug":"cv","status":"publish","type":"page","link":"https:\/\/semjonsemjon.com\/index.php\/cv\/","title":{"rendered":"CV"},"content":{"rendered":"[et_pb_section fb_built=&#8220;1&#8243; _builder_version=&#8220;4.16&#8243; global_colors_info=&#8220;{}&#8220;][et_pb_row _builder_version=&#8220;4.16&#8243; background_size=&#8220;initial&#8220; background_position=&#8220;top_left&#8220; background_repeat=&#8220;repeat&#8220; global_colors_info=&#8220;{}&#8220;][et_pb_column type=&#8220;4_4&#8243; _builder_version=&#8220;4.16&#8243; custom_padding=&#8220;|||&#8220; global_colors_info=&#8220;{}&#8220; custom_padding__hover=&#8220;|||&#8220;][et_pb_gallery gallery_ids=&#8220;19,18,20&#8243; _builder_version=&#8220;4.22.0&#8243; _module_preset=&#8220;default&#8220; global_colors_info=&#8220;{}&#8220;][\/et_pb_gallery][et_pb_text _builder_version=&#8220;4.27.4&#8243; background_size=&#8220;initial&#8220; background_position=&#8220;top_left&#8220; background_repeat=&#8220;repeat&#8220; hover_enabled=&#8220;0&#8243; global_colors_info=&#8220;{}&#8220; sticky_enabled=&#8220;0&#8243;]<p style=\"font-weight: 400;\">1962\u00a0\u00a0\u00a0\u00a0\u00a0\u00a0\u00a0\u00a0\u00a0\u00a0\u00a0\u00a0\u00a0\u00a0\u00a0\u00a0\u00a0\u00a0\u00a0\u00a0\u00a0\u00a0\u00a0\u00a0 geboren in Wiesbaden<\/p>\n<p style=\"font-weight: 400;\">\u00a0\u00a0\u00a0\u00a0\u00a0\u00a0\u00a0\u00a0\u00a0\u00a0\u00a0\u00a0\u00a0\u00a0\u00a0\u00a0\u00a0\u00a0\u00a0\u00a0\u00a0\u00a0\u00a0\u00a0\u00a0\u00a0\u00a0\u00a0\u00a0\u00a0\u00a0\u00a0 lebt und arbeitet in Berlin<\/p>\n<p>&nbsp;<\/p>\n<p>2011 \u2013 2026 ff \u00a0 \u00a0 \u00a0 \u00a0 \u00a0Semjon Contemporary, Galerie f\u00fcr zeitgen\u00f6ssische Kunst<\/p>\n<p>2011 \u2013 2021 \u00a0 \u00a0 \u00a0 \u00a0 \u00a0 \u00a0 K\u00fcnstlerisches Sabbatical<\/p>\n<p>2021 \u00a0 \u00a0 \u00a0 \u00a0 \u00a0 \u00a0 \u00a0 \u00a0 \u00a0 \u00a0 \u00a0 \u00a0 Durch \u00bbKioskShop berlin (KSb) wieder als K\u00fcnstler pr\u00e4sent<\/p>\n<p>2003 \u2013 2010 \u00a0 \u00a0 \u00a0 \u00a0 \u00a0 \u00a0 <em>Interventionen @ KioskShop berlin (KSb)<\/em>, kuratierte Einzel- und Gruppenausstellungen mit internationalen<\/p>\n<p>K\u00fcnstlern<\/p>\n<p style=\"font-weight: 400;\">2000\u00a0\u00a0\u00a0\u00a0\u00a0\u00a0\u00a0\u00a0\u00a0\u00a0\u00a0\u00a0\u00a0\u00a0\u00a0\u00a0\u00a0\u00a0\u00a0\u00a0\u00a0\u00a0\u00a0\u00a0 Lecture in der Cranbrook Art Academy, Michigan<\/p>\n<p style=\"font-weight: 400;\">\u00a0\u00a0\u00a0\u00a0\u00a0\u00a0\u00a0\u00a0\u00a0\u00a0\u00a0\u00a0\u00a0\u00a0\u00a0\u00a0\u00a0\u00a0\u00a0\u00a0\u00a0\u00a0\u00a0\u00a0\u00a0\u00a0\u00a0\u00a0\u00a0\u00a0\u00a0\u00a0 Kritik mit Studenten der Cranbrook Art Academy<\/p>\n<p style=\"font-weight: 400;\">1999\/2000 \u00a0 \u00a0 \u00a0 \u00a0 \u00a0 \u00a0 \u00a0 \u00a0Arbeitsaufenthalt in New York (DeliGrocery Project 2002)<\/p>\n<p style=\"font-weight: 400;\">1997 \u2013 2000 \u00a0 \u00a0 \u00a0 \u00a0 \u00a0 \u00a0 Freelance Textildesign f\u00fcr Bottega Veneta<\/p>\n<p style=\"font-weight: 400;\">1994\u00a0\u00a0\u00a0\u00a0\u00a0\u00a0\u00a0\u00a0\u00a0\u00a0\u00a0\u00a0\u00a0\u00a0\u00a0\u00a0\u00a0\u00a0\u00a0\u00a0\u00a0\u00a0\u00a0\u00a0 Meistersch\u00fcler von Georg Baselitz in Berlin<\/p>\n<p style=\"font-weight: 400;\">1993 \u2013 1994 \u00a0 \u00a0 \u00a0 \u00a0 \u00a0 \u00a0 Halbj\u00e4hrige Studienaufenthalte in New York<\/p>\n<p style=\"font-weight: 400;\">1991 \u2013 1992 \u00a0 \u00a0 \u00a0 \u00a0 \u00a0 \u00a0 Studienaufenthalt in New York; Mentor: Terry Winters<\/p>\n<p style=\"font-weight: 400;\">1989\u00a0\u00a0\u00a0\u00a0\u00a0\u00a0\u00a0\u00a0\u00a0\u00a0\u00a0\u00a0\u00a0\u00a0\u00a0\u00a0\u00a0\u00a0\u00a0\u00a0\u00a0\u00a0\u00a0\u00a0 Master Class of Drawing in Como\/Italien (Fondazione Antonio Ratti) mit Arnulf Rainer und Georg Baselitz<\/p>\n<p style=\"font-weight: 400;\">1987 \u2013 1994 \u00a0 \u00a0 \u00a0 \u00a0 \u00a0 \u00a0 Studium der Bildenden Kunst an der Hochschule der K\u00fcnste in Berlin bei Prof. Georg Baselitz<\/p>\n<p style=\"font-weight: 400;\">1984 \u2013 1987 \u00a0 \u00a0 \u00a0 \u00a0 \u00a0 \u00a0 Studium der Kunstgeschichte und der Klassischen Arch\u00e4ologie in Berlin<\/p>\n<p>&nbsp;<\/p>\n<p style=\"font-weight: 400;\"><strong>Preise und Stipendien<\/strong><\/p>\n<p style=\"font-weight: 400;\">2004\u00a0\u00a0\u00a0\u00a0\u00a0\u00a0\u00a0\u00a0\u00a0\u00a0\u00a0\u00a0\u00a0\u00a0\u00a0\u00a0\u00a0\u00a0\u00a0\u00a0\u00a0\u00a0\u00a0\u00a0\u00a0 Projektf\u00f6rderung durch den Hauptstadtkulturfonds f\u00fcr KioskShop berlin<\/p>\n<p style=\"font-weight: 400;\">2001 \u00a0\u00a0\u00a0\u00a0\u00a0\u00a0\u00a0\u00a0\u00a0\u00a0\u00a0\u00a0\u00a0\u00a0\u00a0\u00a0\u00a0\u00a0\u00a0\u00a0\u00a0\u00a0\u00a0\u00a0 Projektf\u00f6rderung des Berliner Senats f\u00fcr KioskShop berlin (KSb)<\/p>\n<p style=\"font-weight: 400;\">1993\u00a0\u00a0\u00a0\u00a0\u00a0\u00a0\u00a0\u00a0\u00a0\u00a0\u00a0\u00a0\u00a0\u00a0\u00a0\u00a0\u00a0\u00a0\u00a0\u00a0\u00a0\u00a0\u00a0\u00a0\u00a0 Projektf\u00f6rderung des Berliner Senats f\u00fcr Black Box im Goethe House, New York<\/p>\n<p style=\"font-weight: 400;\">1991 \u2013 1992 \u00a0 \u00a0 \u00a0 \u00a0 \u00a0 \u00a0 \u00a0New York-Studienstipendium des Evangelischen Studienwerkes<\/p>\n<p style=\"font-weight: 400;\">1988 \u2013 1994 \u00a0 \u00a0 \u00a0 \u00a0 \u00a0 \u00a0 \u00a0Studienstipendium des Evangelischen Studienwerkes, Haus Villigst<\/p>\n<p style=\"font-weight: 400;\">1989\u00a0\u00a0\u00a0\u00a0\u00a0\u00a0\u00a0\u00a0\u00a0\u00a0\u00a0\u00a0\u00a0\u00a0\u00a0\u00a0\u00a0\u00a0\u00a0\u00a0\u00a0\u00a0\u00a0\u00a0\u00a0 Preis der Fondazione Antonio Ratti, Como\/Italien f\u00fcr Zeichnung<\/p>\n<p>&nbsp;<\/p>\n<p style=\"font-weight: 400;\"><strong>Ausstellungen und realisierte Projekte (Auswahl)\u00a0\u00a0\u00a0\u00a0\u00a0\u00a0\u00a0\u00a0\u00a0\u00a0\u00a0\u00a0\u00a0\u00a0 \u00a0\u00a0 <\/strong>(E) = Einzelausstellung<\/p>\n<p>Seit 2021 \u00a0 \u00a0 \u00a0 \u00a0 \u00a0 \u00a0 \u00a0 \u00a0 \u00a0(<em>Resurrection of) \u00bbKioskShop berlin (KSb)\u00ab<\/em>, Semjon Contemporary, Berlin (E)<\/p>\n<p>2021 \u00a0 \u00a0 \u00a0 \u00a0 \u00a0 \u00a0 \u00a0 \u00a0 \u00a0 \u00a0 \u00a0 \u00a0 <em>Konstruktion der Moderne \u2013 DIe Berliner Sammlung Dr. Carl Theodor Gottlob Grouwet (1919)<\/em>,<\/p>\n<p>Semjon Contemporary (E)<\/p>\n<p><em>\u00a0 \u00a0 \u00a0 \u00a0 \u00a0 \u00a0 \u00a0 \u00a0 \u00a0 \u00a0 \u00a0 \u00a0 \u00a0 \u00a0 \u00a0 \u00a0 \u00a0X x X \u2013 10 Jahre Semjon Contemporary<\/em><\/p>\n<p style=\"font-weight: 400;\">2019 \u00a0 \u00a0 \u00a0 \u00a0 \u00a0 \u00a0 \u00a0 \u00a0 \u00a0 \u00a0 \u00a0 \u00a0\u00a0<em>48 hrs<\/em>, Semjon Contemporary<\/p>\n<p>2012 \u00a0 \u00a0 \u00a0 \u00a0 \u00a0 \u00a0 \u00a0 \u00a0 \u00a0 \u00a0 \u00a0 \u00a0\u00a0<em>Z\u00fcndstoff Wachs \u2013 Wachs in der Kunst<\/em>, Museum Villa Rot<\/p>\n<p style=\"font-weight: 400;\">2011 \u00a0 \u00a0 \u00a0 \u00a0 \u00a0 \u00a0 \u00a0 \u00a0 \u00a0 \u00a0 \u00a0 \u00a0\u00a0<em>Sabbatical<\/em>, KioskShop berlin (KSb) (E)<\/p>\n<p style=\"font-weight: 400;\">\u00a0 \u00a0 \u00a0 \u00a0 \u00a0 \u00a0 \u00a0 \u00a0 \u00a0 \u00a0 \u00a0 \u00a0 \u00a0 \u00a0 \u00a0 \u00a0 \u00a0<em>(Selbst)-Portrait \u2013 Abbilder und Netzwerke<\/em>, Schwules Museum, Berlin<\/p>\n<p style=\"font-weight: 400;\">\u00a0 \u00a0 \u00a0 \u00a0 \u00a0 \u00a0 \u00a0 \u00a0 \u00a0 \u00a0 \u00a0 \u00a0 \u00a0 \u00a0 \u00a0 \u00a0 \u00a0<em>Stockwerk nach Ambroise Vollard<\/em>, KioskShop berlin (KSb) (E)<\/p>\n<p style=\"font-weight: 400;\">2010 \u00a0 \u00a0 \u00a0 \u00a0 \u00a0 \u00a0 \u00a0 \u00a0 \u00a0 \u00a0 \u00a0 \u00a0 \u00a0<em>\/ + \\ = X<\/em>, kuratiert von Christian Nerf und Spunk Seipel,\u00a0Serial Work Studio, Cape Town, South Africa<\/p>\n<p style=\"font-weight: 400;\">\u00a0\u00a0\u00a0\u00a0\u00a0\u00a0\u00a0\u00a0\u00a0\u00a0\u00a0\u00a0\u00a0\u00a0\u00a0\u00a0\u00a0\u00a0\u00a0\u00a0\u00a0\u00a0\u00a0\u00a0\u00a0\u00a0\u00a0\u00a0\u00a0\u00a0\u00a0\u00a0<em> Konstruktion der Moderne: Die Berliner Sammlung Dr. Carl Theodor Gottlob Grouwet (1919)<\/em>,<\/p>\n<p style=\"font-weight: 400;\">\u00a0 \u00a0 \u00a0 \u00a0 \u00a0 \u00a0 \u00a0 \u00a0 \u00a0 \u00a0 \u00a0 \u00a0 \u00a0 \u00a0 \u00a0 \u00a0 \u00a0KioskShop berlin (KSb) (E)<\/p>\n<p style=\"font-weight: 400;\">\u00a0\u00a0\u00a0\u00a0\u00a0\u00a0\u00a0\u00a0\u00a0\u00a0\u00a0\u00a0\u00a0\u00a0\u00a0\u00a0\u00a0\u00a0\u00a0\u00a0\u00a0\u00a0\u00a0\u00a0\u00a0\u00a0\u00a0\u00a0\u00a0\u00a0\u00a0\u00a0 <em>chambre s\u00e9par\u00e9e \u00e9rotique<\/em>, Pane e Tulipane, kuratiert von Niels Grossien (WTC, White Trash Contemporary,<\/p>\n<p style=\"font-weight: 400;\">\u00a0 \u00a0 \u00a0 \u00a0 \u00a0 \u00a0 \u00a0 \u00a0 \u00a0 \u00a0 \u00a0 \u00a0 \u00a0 \u00a0 \u00a0 \u00a0 \u00a0Hamburg)<\/p>\n<p style=\"font-weight: 400;\">2009 \u00a0 \u00a0 \u00a0 \u00a0 \u00a0 \u00a0 \u00a0 \u00a0 \u00a0 \u00a0 \u00a0 \u00a0 <em>Fuoco di vetro<\/em>, Au\u00dfeninstallation, Collezione Laura Lisa Braggion, Bastia di Rovolon, Italien<\/p>\n<p style=\"font-weight: 400;\">\u00a0\u00a0\u00a0\u00a0\u00a0\u00a0\u00a0\u00a0\u00a0\u00a0\u00a0\u00a0\u00a0\u00a0\u00a0\u00a0\u00a0\u00a0\u00a0\u00a0\u00a0\u00a0\u00a0\u00a0\u00a0\u00a0\u00a0\u00a0\u00a0\u00a0\u00a0\u00a0 <em>Favorites Drawings<\/em>, KioskShop berlin (E)<\/p>\n<p style=\"font-weight: 400;\">\u00a0\u00a0\u00a0\u00a0\u00a0\u00a0\u00a0\u00a0\u00a0\u00a0\u00a0\u00a0\u00a0\u00a0\u00a0\u00a0\u00a0\u00a0\u00a0\u00a0\u00a0\u00a0\u00a0\u00a0\u00a0\u00a0\u00a0\u00a0\u00a0\u00a0\u00a0\u00a0 <em>Fine Art Services<\/em>, Adalbertstra\u00dfe 9, Berlin<\/p>\n<p style=\"font-weight: 400;\">\u00a0\u00a0\u00a0\u00a0\u00a0\u00a0\u00a0\u00a0\u00a0\u00a0\u00a0\u00a0\u00a0\u00a0\u00a0\u00a0\u00a0\u00a0\u00a0\u00a0\u00a0\u00a0\u00a0\u00a0\u00a0\u00a0\u00a0\u00a0\u00a0\u00a0\u00a0\u00a0 Mauerfall im KioskShop, KioskShop berlin (KSb) (E)<\/p>\n<p style=\"font-weight: 400;\">2008 \u00a0 \u00a0 \u00a0 \u00a0 \u00a0 \u00a0 \u00a0 \u00a0 \u00a0 \u00a0 \u00a0 \u00a0 <em>KioskShop berlin goes Splendid Delikatessen<\/em>, Berlin (E)<\/p>\n<p style=\"font-weight: 400;\">\u00a0\u00a0\u00a0\u00a0\u00a0\u00a0\u00a0\u00a0\u00a0\u00a0\u00a0\u00a0\u00a0\u00a0\u00a0\u00a0\u00a0\u00a0\u00a0\u00a0\u00a0\u00a0\u00a0\u00a0\u00a0\u00a0\u00a0\u00a0\u00a0\u00a0\u00a0\u00a0 <em>KioskShop berlin goes Tease Art Fair<\/em> Cologne, K\u00f6ln (E)<\/p>\n<p style=\"font-weight: 400;\">\u00a0\u00a0\u00a0\u00a0\u00a0\u00a0\u00a0\u00a0\u00a0\u00a0\u00a0\u00a0\u00a0\u00a0\u00a0\u00a0\u00a0\u00a0\u00a0\u00a0\u00a0\u00a0\u00a0\u00a0\u00a0\u00a0\u00a0\u00a0\u00a0\u00a0\u00a0\u00a0 <em>Paradies (Wintergarten)<\/em>, KioskShop berlin (E)<\/p>\n<p style=\"font-weight: 400;\">2007 \u00a0 \u00a0 \u00a0 \u00a0 \u00a0 \u00a0 \u00a0 \u00a0 \u00a0 \u00a0 \u00a0 \u00a0 <em>KioskShop berlin goes Kunsthaus Erfurt<\/em>, Kunsthaus Erfurt (E)<\/p>\n<p style=\"font-weight: 400;\">\u00a0\u00a0\u00a0\u00a0\u00a0\u00a0\u00a0\u00a0\u00a0\u00a0\u00a0\u00a0\u00a0\u00a0\u00a0\u00a0\u00a0\u00a0\u00a0\u00a0\u00a0\u00a0\u00a0\u00a0\u00a0\u00a0\u00a0\u00a0\u00a0\u00a0\u00a0\u00a0 <em>Dekonstruktion\/Konstruktion<\/em>, Auftragsarbeit Wandgestaltung Privatwohnung von C. K\u00f6hler, Berlin<\/p>\n<p style=\"font-weight: 400;\">\u00a0\u00a0\u00a0\u00a0\u00a0\u00a0\u00a0\u00a0\u00a0\u00a0\u00a0\u00a0\u00a0\u00a0\u00a0\u00a0\u00a0\u00a0\u00a0\u00a0\u00a0\u00a0\u00a0\u00a0\u00a0\u00a0\u00a0\u00a0\u00a0\u00a0\u00a0\u00a0 <em>Salon rouge: Gaiety, Installation<\/em>, 4. Berliner Kunstsalon (E)<\/p>\n<p style=\"font-weight: 400;\">\u00a0\u00a0\u00a0\u00a0\u00a0\u00a0\u00a0\u00a0\u00a0\u00a0\u00a0\u00a0\u00a0\u00a0\u00a0\u00a0\u00a0\u00a0\u00a0\u00a0\u00a0\u00a0\u00a0\u00a0\u00a0\u00a0\u00a0\u00a0\u00a0\u00a0\u00a0\u00a0 <em>KioskShop berlin goes 4. Berliner Kunstsalon<\/em> (E)<\/p>\n<p style=\"font-weight: 400;\">2006\u00a0\u00a0\u00a0\u00a0\u00a0\u00a0\u00a0\u00a0\u00a0\u00a0\u00a0\u00a0\u00a0\u00a0\u00a0\u00a0\u00a0\u00a0\u00a0\u00a0\u00a0\u00a0\u00a0\u00a0\u00a0<em>KioskShop berlin goes MS Europa<\/em>, EUROPA.art 2006, Hamburg bis Lissabon (E)<\/p>\n<p style=\"font-weight: 400;\">2005 \u00a0\u00a0\u00a0\u00a0\u00a0\u00a0\u00a0\u00a0\u00a0\u00a0\u00a0\u00a0\u00a0\u00a0\u00a0\u00a0\u00a0\u00a0\u00a0\u00a0\u00a0\u00a0\u00a0\u00a0<em>after all, constructing an artwork is still building a dream<\/em>,\u00a0Galerie Markus Richter, Berlin<\/p>\n<p style=\"font-weight: 400;\">\u00a0 \u00a0 \u00a0 \u00a0 \u00a0 \u00a0 \u00a0 \u00a0 \u00a0 \u00a0 \u00a0 \u00a0 \u00a0 \u00a0 \u00a0 \u00a0 \u00a0<em>KioskShop berlin goes 2. Berliner Kunstsalon<\/em>, Arena Berlin-Treptow (E)<\/p>\n<p style=\"font-weight: 400;\">2004 \u00a0 \u00a0 \u00a0 \u00a0 \u00a0 \u00a0 \u00a0 \u00a0 \u00a0 \u00a0 \u00a0 \u00a0 <em>Zusammentreffen<\/em> (<em>B2B<\/em>-Projekt von Jan-Holger Mauss), Galerie Aplanat, Hamburg<\/p>\n<p style=\"font-weight: 400;\">\u00a0\u00a0\u00a0\u00a0\u00a0\u00a0\u00a0\u00a0\u00a0\u00a0\u00a0\u00a0\u00a0\u00a0\u00a0\u00a0\u00a0\u00a0\u00a0\u00a0\u00a0\u00a0\u00a0\u00a0\u00a0\u00a0\u00a0\u00a0\u00a0\u00a0\u00a0\u00a0<em> KioskShop berlin goes Munich<\/em>, Kulturkiosk-Kanzler, M\u00fcnchen (E)<\/p>\n<p style=\"font-weight: 400;\">\u00a0\u00a0\u00a0\u00a0\u00a0\u00a0\u00a0\u00a0\u00a0\u00a0\u00a0\u00a0\u00a0\u00a0\u00a0\u00a0\u00a0\u00a0\u00a0\u00a0\u00a0\u00a0\u00a0\u00a0\u00a0\u00a0\u00a0\u00a0\u00a0\u00a0\u00a0\u00a0 <em>KioskShop berlin goes Ku\u2019Damm 101<\/em>, Berlin (E)<\/p>\n<p style=\"font-weight: 400;\">\u00a0\u00a0\u00a0\u00a0\u00a0\u00a0\u00a0\u00a0\u00a0\u00a0\u00a0\u00a0\u00a0\u00a0\u00a0\u00a0\u00a0\u00a0\u00a0\u00a0\u00a0\u00a0\u00a0\u00a0\u00a0\u00a0\u00a0\u00a0\u00a0\u00a0\u00a0\u00a0 <em>KioskShop berlin goes 1. Berliner Kunstsalon<\/em>, Arena Berlin-Treptow(E)<\/p>\n<p style=\"font-weight: 400;\">2003 \u00a0\u00a0\u00a0\u00a0\u00a0\u00a0\u00a0\u00a0\u00a0\u00a0\u00a0\u00a0\u00a0\u00a0\u00a0\u00a0\u00a0\u00a0\u00a0\u00a0\u00a0\u00a0\u00a0\u00a0<em>RoseGarden &amp; Structural Drawings<\/em>, RubinChapelle, New York (E)<\/p>\n<p style=\"font-weight: 400;\">2002 \u00a0 \u00a0 \u00a0 \u00a0 \u00a0 \u00a0 \u00a0 \u00a0 \u00a0 \u00a0 \u00a0 \u00a0<em> One man show<\/em>, Kunst Z\u00fcrich mit Galerie Markus Richter (E)<\/p>\n<p style=\"font-weight: 400;\">\u00a0\u00a0\u00a0\u00a0\u00a0\u00a0\u00a0\u00a0\u00a0\u00a0\u00a0\u00a0\u00a0\u00a0\u00a0\u00a0\u00a0\u00a0\u00a0\u00a0\u00a0\u00a0\u00a0\u00a0\u00a0\u00a0\u00a0\u00a0\u00a0\u00a0\u00a0\u00a0 <em>KioskShop berlin goes Art Forum Berlin<\/em>, Sonderstand (E)<\/p>\n<p style=\"font-weight: 400;\">2001 \u00a0 \u00a0 \u00a0 \u00a0 \u00a0 \u00a0 \u00a0 \u00a0 \u00a0 \u00a0 \u00a0 \u00a0 <em>Dazwischen \/ In Between<\/em>, Galerie Markus Richter, Berlin (E)<\/p>\n<p style=\"font-weight: 400;\">\u00a0\u00a0\u00a0\u00a0\u00a0\u00a0\u00a0\u00a0\u00a0\u00a0\u00a0\u00a0\u00a0\u00a0\u00a0\u00a0\u00a0\u00a0\u00a0\u00a0\u00a0\u00a0\u00a0\u00a0\u00a0\u00a0\u00a0\u00a0\u00a0\u00a0\u00a0\u00a0 <em>KioskShop berlin work in progress I + II<\/em>, KioskShop berlin (E)<\/p>\n<p style=\"font-weight: 400;\">\u00a0\u00a0\u00a0\u00a0\u00a0\u00a0\u00a0\u00a0\u00a0\u00a0\u00a0\u00a0\u00a0\u00a0\u00a0\u00a0\u00a0\u00a0\u00a0\u00a0\u00a0\u00a0\u00a0\u00a0\u00a0\u00a0\u00a0\u00a0\u00a0\u00a0\u00a0\u00a0<em> Painterly Photography<\/em>, Blains Fine Art, London<\/p>\n<p style=\"font-weight: 400;\">2000 \u00a0 \u00a0 \u00a0 \u00a0 \u00a0 \u00a0 \u00a0 \u00a0 \u00a0 \u00a0 \u00a0 \u00a0<em> Multiple bodies<\/em>, LL Gallery (Lime Light), New York<\/p>\n<p style=\"font-weight: 400;\">\u00a0\u00a0\u00a0\u00a0\u00a0\u00a0\u00a0\u00a0\u00a0\u00a0\u00a0\u00a0\u00a0\u00a0\u00a0\u00a0\u00a0\u00a0\u00a0\u00a0\u00a0\u00a0\u00a0\u00a0\u00a0\u00a0\u00a0\u00a0\u00a0\u00a0\u00a0\u00a0 <em>7 @ 7, Seven artists at Seven<\/em>, New York, Seven store<\/p>\n<p style=\"font-weight: 400;\">\u00a0\u00a0\u00a0\u00a0\u00a0\u00a0\u00a0\u00a0\u00a0\u00a0\u00a0\u00a0\u00a0\u00a0\u00a0\u00a0\u00a0\u00a0\u00a0\u00a0\u00a0\u00a0\u00a0\u00a0\u00a0\u00a0\u00a0\u00a0\u00a0\u00a0\u00a0\u00a0 <em>RoseGarden Project<\/em>, New York (E)<\/p>\n<p style=\"font-weight: 400;\">\u00a0 \u00a0 \u00a0 \u00a0 \u00a0 \u00a0 \u00a0 \u00a0 \u00a0 \u00a0 \u00a0 \u00a0 \u00a0 \u00a0 \u00a0 \u00a0 \u00a0<em>Fashion meets Art: H. N. Semjon at Alfred Dunhill<\/em>, Alfred Dunhill Store, Madison Avenue, New York (E)<\/p>\n<p style=\"font-weight: 400;\">\u00a0\u00a0\u00a0\u00a0\u00a0\u00a0\u00a0\u00a0\u00a0\u00a0\u00a0\u00a0\u00a0\u00a0\u00a0\u00a0\u00a0\u00a0\u00a0\u00a0\u00a0\u00a0\u00a0\u00a0\u00a0\u00a0\u00a0\u00a0\u00a0\u00a0\u00a0\u00a0 <em>Eden revisited<\/em>, Islip Museum, East Islip, NY<\/p>\n<p style=\"font-weight: 400;\">\u00a0 \u00a0 \u00a0 \u00a0 \u00a0 \u00a0 \u00a0 \u00a0 \u00a0 \u00a0 \u00a0 \u00a0 \u00a0 \u00a0 \u00a0 \u00a0 \u00a0<em>Still Still<\/em>, zusammen mit Peter Welz, Dirk Rathke, Allan Uglow, Project Space Auguststra\u00dfe, Galerie<\/p>\n<p style=\"font-weight: 400;\">\u00a0 \u00a0 \u00a0 \u00a0 \u00a0 \u00a0 \u00a0 \u00a0 \u00a0 \u00a0 \u00a0 \u00a0 \u00a0 \u00a0 \u00a0 \u00a0 \u00a0Markus Richter (Berlin) und Vous-Etes-Ici\u00a0(Amsterdam)<\/p>\n<p style=\"font-weight: 400;\">\u00a0 \u00a0 \u00a0 \u00a0 \u00a0 \u00a0 \u00a0 \u00a0 \u00a0 \u00a0 \u00a0 \u00a0 \u00a0 \u00a0 \u00a0 \u00a0 \u00a0<em>Fabula: Consumer media and contemporary Art<\/em>, zusammen mit Sylvie Fleury, Vanessa Beecroft,<\/p>\n<p style=\"font-weight: 400;\">\u00a0 \u00a0 \u00a0 \u00a0 \u00a0 \u00a0 \u00a0 \u00a0 \u00a0 \u00a0 \u00a0 \u00a0 \u00a0 \u00a0 \u00a0 \u00a0 \u00a0Masato Nakamura, Tom Sachs und\u00a0ArtClub 2000, Cranbrook Art Museum, Detroit<\/p>\n<p>\u00a0 \u00a0 \u00a0 \u00a0 \u00a0 \u00a0 \u00a0 \u00a0 \u00a0 \u00a0 \u00a0 \u00a0 \u00a0 \u00a0 \u00a0 \u00a0 \u00a0<em>Abendmal<\/em>, Installationsskulptur im Restaurant Abendmahl, Berlin (E)<\/p>\n<p style=\"font-weight: 400;\">\u00a0 \u00a0 \u00a0 \u00a0 \u00a0 \u00a0 \u00a0 \u00a0 \u00a0 \u00a0 \u00a0 \u00a0 \u00a0 \u00a0 \u00a0 \u00a0 \u00a0<em>Mural Drawing &amp; Portrait Paintings<\/em>, Galerie Markus Richter,\u00a0Potsdam (E)<\/p>\n<p style=\"font-weight: 400;\">\u00a0 \u00a0 \u00a0 \u00a0 \u00a0 \u00a0 \u00a0 \u00a0 \u00a0 \u00a0 \u00a0 \u00a0 \u00a0 \u00a0 \u00a0 \u00a0 \u00a0<em>Product Sculpture, Kiosk (w.i.p.) und Mural Drawing<\/em>, Gesellschaft f\u00fcr Bildende Kunst, Trier (E)<\/p>\n<p style=\"font-weight: 400;\">\u00a0 \u00a0 \u00a0 \u00a0 \u00a0 \u00a0 \u00a0 \u00a0 \u00a0 \u00a0 \u00a0 \u00a0 \u00a0 \u00a0 \u00a0 \u00a0<em>\u00a0 Countdown<\/em>, DeliGrocery-Pr\u00e4sentation, Bildhauer-Foyer Constanze Pressehaus, Berlin (E)<\/p>\n<p style=\"font-weight: 400;\">\u00a0 \u00a0 \u00a0 \u00a0 \u00a0 \u00a0 \u00a0 \u00a0 \u00a0 \u00a0 \u00a0 \u00a0 \u00a0 \u00a0 \u00a0 \u00a0 \u00a0<em>Denkpause<\/em>, Wandelhalle, K\u00f6ln<\/p>\n<p style=\"font-weight: 400;\">1998 \u00a0 \u00a0 \u00a0 \u00a0 \u00a0 \u00a0 \u00a0 \u00a0 \u00a0 \u00a0 \u00a0 \u00a0\u00a0<em>Deli\/Grocery Project<\/em>, Project Space, AU base, New York (E)<\/p>\n<p style=\"font-weight: 400;\">\u00a0 \u00a0 \u00a0 \u00a0 \u00a0 \u00a0 \u00a0 \u00a0 \u00a0 \u00a0 \u00a0 \u00a0 \u00a0 \u00a0 \u00a0 \u00a0 \u00a0<em>Blick zur\u00fcck nach vorn<\/em>, Galerie Markus Richter, Potsdam<\/p>\n<p style=\"font-weight: 400;\">\u00a0 \u00a0 \u00a0 \u00a0 \u00a0 \u00a0 \u00a0 \u00a0 \u00a0 \u00a0 \u00a0 \u00a0 \u00a0 \u00a0 \u00a0 \u00a0 \u00a0<em>Product Sculptures<\/em>, dirty windows, Berlin (E)<\/p>\n<p style=\"font-weight: 400;\">\u00a0 \u00a0 \u00a0 \u00a0 \u00a0 \u00a0 \u00a0 \u00a0 \u00a0 \u00a0 \u00a0 \u00a0 \u00a0 \u00a0 \u00a0 \u00a0 \u00a0<em>Grenzg\u00e4nge<\/em>, Meinblau im Pfefferberg, Berlin<\/p>\n<p style=\"font-weight: 400;\">\u00a0 \u00a0 \u00a0 \u00a0 \u00a0 \u00a0 \u00a0 \u00a0 \u00a0 \u00a0 \u00a0 \u00a0 \u00a0 \u00a0 \u00a0 \u00a0 \u00a0<em>Product Sculptures and others<\/em>, AU base, New York (E)<\/p>\n<p style=\"font-weight: 400;\">\u00a0 \u00a0 \u00a0 \u00a0 \u00a0 \u00a0 \u00a0 \u00a0 \u00a0 \u00a0 \u00a0 \u00a0 \u00a0 \u00a0 \u00a0 \u00a0 \u00a0<em>Das Bild vom Bild<\/em>, zusammen mit Karina Spechter, Thomas Skiba, Harald Kohlmetz,<\/p>\n<p style=\"font-weight: 400;\">\u00a0 \u00a0 \u00a0 \u00a0 \u00a0 \u00a0 \u00a0 \u00a0 \u00a0 \u00a0 \u00a0 \u00a0 \u00a0 \u00a0 \u00a0 \u00a0 \u00a0Galerie Alex Lachmann, K\u00f6ln<\/p>\n<p style=\"font-weight: 400;\">1997 \u00a0 \u00a0 \u00a0 \u00a0 \u00a0 \u00a0 \u00a0 \u00a0 \u00a0 \u00a0 \u00a0 \u00a0\u00a0<em>Unity in difference \/ ausgew\u00e4hlte Werkgruppe<\/em>n, Galerie Michael Kalinka, Dresden (E)<\/p>\n<p style=\"font-weight: 400;\">\u00a0 \u00a0 \u00a0 \u00a0 \u00a0 \u00a0 \u00a0 \u00a0 \u00a0 \u00a0 \u00a0 \u00a0 \u00a0 \u00a0 \u00a0 \u00a0 \u00a0<em>Unity in difference \/ Part VI<\/em>, Galerie Markus Richter, Potsdam (E)<\/p>\n<p style=\"font-weight: 400;\">\u00a0 \u00a0 \u00a0 \u00a0 \u00a0 \u00a0 \u00a0 \u00a0 \u00a0 \u00a0 \u00a0 \u00a0 \u00a0 \u00a0 \u00a0 \u00a0 \u00a0<em>Acchrocage<\/em>, AU base, New York<\/p>\n<p style=\"font-weight: 400;\">1996 \u00a0 \u00a0 \u00a0 \u00a0 \u00a0 \u00a0 \u00a0 \u00a0 \u00a0 \u00a0 \u00a0 <em>\u00a0 Kiosk<\/em>, Berlin (E)<\/p>\n<p style=\"font-weight: 400;\">\u00a0 \u00a0 \u00a0 \u00a0 \u00a0 \u00a0 \u00a0 \u00a0 \u00a0 \u00a0 \u00a0 \u00a0 \u00a0 \u00a0 \u00a0 \u00a0 \u00a0<em>Im Zentrum des Geschehens \u2013 Berlin Paintings, u.a<\/em>. ,\u00a0Weinhaus Huth, Potsdamer Platz, Berlin (E)<\/p>\n<p style=\"font-weight: 400;\">\u00a0\u00a0\u00a0\u00a0\u00a0\u00a0\u00a0\u00a0\u00a0\u00a0\u00a0\u00a0\u00a0\u00a0\u00a0\u00a0\u00a0\u00a0\u00a0\u00a0\u00a0\u00a0\u00a0\u00a0\u00a0\u00a0\u00a0\u00a0\u00a0\u00a0\u00a0\u00a0 <em>Absolut Modern Sein<\/em>, Galerie Markus Richter, Potsdam<\/p>\n<p style=\"font-weight: 400;\">1995 \u00a0 \u00a0 \u00a0 \u00a0 \u00a0 \u00a0 \u00a0 \u00a0 \u00a0 \u00a0 \u00a0 \u00a0 <em>Unity in difference<\/em>, Galerie Lansberg, Paris (E)<\/p>\n<p style=\"font-weight: 400;\">\u00a0\u00a0\u00a0\u00a0\u00a0\u00a0\u00a0\u00a0\u00a0\u00a0\u00a0\u00a0\u00a0\u00a0\u00a0\u00a0\u00a0\u00a0\u00a0\u00a0\u00a0\u00a0\u00a0\u00a0\u00a0\u00a0\u00a0\u00a0\u00a0\u00a0\u00a0\u00a0 <em>The Triplet Series\/ Neue Arbeiten<\/em>, Sammlung Scheuermann, K\u00f6ln (E)<\/p>\n<p style=\"font-weight: 400;\">1994\u00a0\u00a0\u00a0\u00a0\u00a0\u00a0\u00a0\u00a0\u00a0\u00a0\u00a0\u00a0\u00a0\u00a0\u00a0\u00a0\u00a0\u00a0\u00a0\u00a0\u00a0\u00a0\u00a0\u00a0\u00a0<em>Unity in difference\/ neue Arbeiten und &#8230; avantgarde tendencies of the early 90&#8217;s.<\/em>..,<\/p>\n<p style=\"font-weight: 400;\">\u00a0 \u00a0 \u00a0 \u00a0 \u00a0 \u00a0 \u00a0 \u00a0 \u00a0 \u00a0 \u00a0 \u00a0 \u00a0 \u00a0 \u00a0 \u00a0 \u00a0Galerie Alex Lachmann, K\u00f6ln (E)<\/p>\n<p style=\"font-weight: 400;\">1993\u00a0\u00a0\u00a0\u00a0\u00a0\u00a0\u00a0\u00a0\u00a0\u00a0\u00a0\u00a0\u00a0\u00a0\u00a0\u00a0\u00a0\u00a0\u00a0\u00a0\u00a0\u00a0\u00a0\u00a0\u00a0<em>Black Box<\/em>, Goethe House, New York (E)<\/p>\n<p style=\"font-weight: 400;\">\u00a0 \u00a0 \u00a0 \u00a0 \u00a0 \u00a0 \u00a0 \u00a0 \u00a0 \u00a0 \u00a0 \u00a0 \u00a0 \u00a0 \u00a0 \u00a0 \u00a0<em>Nine Triplets and a Teddybear<\/em>, Sammlung Scheuermann, K\u00f6ln (E)<\/p>\n<p style=\"font-weight: 400;\">\u00a0 \u00a0 \u00a0 \u00a0 \u00a0 \u00a0 \u00a0 \u00a0 \u00a0 \u00a0 \u00a0 \u00a0 \u00a0 \u00a0 \u00a0 \u00a0 \u00a0<em>Unity in difference<\/em>, Galerie Alex Lachmann, K\u00f6ln (E)<\/p>\n<p style=\"font-weight: 400;\">\u00a0 \u00a0 \u00a0 \u00a0 \u00a0 \u00a0 \u00a0 \u00a0 \u00a0 \u00a0 \u00a0 \u00a0 \u00a0 \u00a0 \u00a0 \u00a0 \u00a0<em>The Triplet Series<\/em>, Stephen Solovy Fine Art, Chicago (E)<\/p>\n<p>\u00a0 \u00a0 \u00a0 \u00a0 \u00a0 \u00a0 \u00a0 \u00a0 \u00a0 \u00a0 \u00a0 \u00a0 \u00a0 \u00a0 \u00a0 \u00a0 \u00a0<em>Unity in difference<\/em>, Galerie Ressel, Wiesbaden (E)<\/p>\n<p style=\"font-weight: 400;\">1992\u00a0\u00a0\u00a0\u00a0\u00a0\u00a0\u00a0\u00a0\u00a0\u00a0\u00a0\u00a0\u00a0\u00a0\u00a0\u00a0\u00a0\u00a0\u00a0\u00a0\u00a0\u00a0\u00a0\u00a0\u00a0<em>Berlin-New York and vice versa<\/em>, Deutsches Generalkonsulat, New York (E)<\/p>\n<p style=\"font-weight: 400;\">1991\u00a0\u00a0\u00a0\u00a0\u00a0\u00a0\u00a0\u00a0\u00a0\u00a0\u00a0\u00a0\u00a0\u00a0\u00a0\u00a0\u00a0\u00a0\u00a0\u00a0\u00a0\u00a0\u00a0\u00a0\u00a0<em>Black Box<\/em>, Abgu\u00df-Sammlung antiker Plastik, Berlin (E)<\/p>\n<p style=\"font-weight: 400;\">1987 \u00a0\u00a0\u00a0\u00a0\u00a0\u00a0\u00a0\u00a0\u00a0\u00a0\u00a0\u00a0\u00a0\u00a0\u00a0\u00a0\u00a0\u00a0\u00a0\u00a0\u00a0\u00a0\u00a0\u00a0<em>Sisyphos, eine kinetische Performance<\/em>, Tiergarten Berlin (E)<\/p>\n<p>&nbsp;<\/p>\n<p style=\"font-weight: 400;\"><strong>Messebeteiligungen<\/strong><\/p>\n<p style=\"font-weight: 400;\">1993 Art Chicago (Stephen Solovy Fine Art), 1993-1998 Art Cologne (Galerie Alex Lachmann); 1994 Art Basel (Galerie Alex Lachmann); 1995\u20131997 Art Multiple (Galerie Markus Richter); 1997 Gramercy Art Fair Miami (A.R.T.); 1997 Graphik Dresden (Markus Richter); 1998 Art Frankfurt (Galerie Markus Richter; Galerie Michael Kalinka), 1998 Graphik Dresden (Galerie Markus Richter; Galerie Michael Kalinka); Gramercy Art Fair N.Y. (AU base), N.Y. Downtown Art Exchange (AU base), SOFA Chicago (Vedanta Gallery, Chicago), Kunst Z\u00fcrich (Galerie Markus Richter); 1999 Art Frankfurt (Galerie Markus Richter, Galerie Michael Kalinka), Kunst Dresden (Galerie Michael Kalinka), Art Forum Berlin (Galerie Markus Richter); 2000 Art Forum Berlin (Galerie Markus Richter), Kunst Z\u00fcrich (Galerie Markus Richter), Artissima, Torino (Galerie Markus Richter); 2001 Art Forum Berlin (Galerie Markus Richter), Artissima, Torino (Galerie Markus Richter); 2002 Kunst K\u00f6ln (Deutsche Guggenheim), Art Br\u00fcssel (Galerie Markus Richter), Art Forum Berlin (Galerie Markus Richter), Artissima, Torino (Galerie Markus Richter), 2003 Art Bologna (Galerie Markus Richter), Armory Show (Galerie Markus Richter), Art Chicago (Galerie Markus Richter), Art Forum Berlin (Galerie Markus Richter), Artissima, Torino (Galerie Markus Richter); 2004 Armory Show (Galerie Markus Richter), Art Forum Berlin (Galerie Markus Richter), Artissima, Torino (Galerie Markus Richter), 2006 Pulse Miami (Galerie Michael Schultz)<\/p>\n<p><\/p>[\/et_pb_text][\/et_pb_column][\/et_pb_row][\/et_pb_section]","protected":false},"excerpt":{"rendered":"<p>1962\u00a0\u00a0\u00a0\u00a0\u00a0\u00a0\u00a0\u00a0\u00a0\u00a0\u00a0\u00a0\u00a0\u00a0\u00a0\u00a0\u00a0\u00a0\u00a0\u00a0\u00a0\u00a0\u00a0\u00a0 geboren in Wiesbaden \u00a0\u00a0\u00a0\u00a0\u00a0\u00a0\u00a0\u00a0\u00a0\u00a0\u00a0\u00a0\u00a0\u00a0\u00a0\u00a0\u00a0\u00a0\u00a0\u00a0\u00a0\u00a0\u00a0\u00a0\u00a0\u00a0\u00a0\u00a0\u00a0\u00a0\u00a0\u00a0 lebt und arbeitet in Berlin &nbsp; 2011 \u2013 2026 ff \u00a0 \u00a0 \u00a0 \u00a0 \u00a0Semjon Contemporary, Galerie f\u00fcr zeitgen\u00f6ssische Kunst 2011 \u2013 2021 \u00a0 \u00a0 \u00a0 \u00a0 \u00a0 \u00a0 K\u00fcnstlerisches Sabbatical 2021 \u00a0 \u00a0 \u00a0 \u00a0 \u00a0 \u00a0 \u00a0 \u00a0 \u00a0 \u00a0 \u00a0 \u00a0 Durch \u00bbKioskShop berlin (KSb) wieder als [&hellip;]<\/p>\n","protected":false},"author":1,"featured_media":19,"parent":0,"menu_order":12,"comment_status":"closed","ping_status":"closed","template":"","meta":{"_et_pb_use_builder":"on","_et_pb_old_content":"<!-- wp:divi\/placeholder \/-->","_et_gb_content_width":"","footnotes":""},"class_list":["post-55","page","type-page","status-publish","has-post-thumbnail","hentry"],"_links":{"self":[{"href":"https:\/\/semjonsemjon.com\/index.php\/wp-json\/wp\/v2\/pages\/55","targetHints":{"allow":["GET"]}}],"collection":[{"href":"https:\/\/semjonsemjon.com\/index.php\/wp-json\/wp\/v2\/pages"}],"about":[{"href":"https:\/\/semjonsemjon.com\/index.php\/wp-json\/wp\/v2\/types\/page"}],"author":[{"embeddable":true,"href":"https:\/\/semjonsemjon.com\/index.php\/wp-json\/wp\/v2\/users\/1"}],"replies":[{"embeddable":true,"href":"https:\/\/semjonsemjon.com\/index.php\/wp-json\/wp\/v2\/comments?post=55"}],"version-history":[{"count":24,"href":"https:\/\/semjonsemjon.com\/index.php\/wp-json\/wp\/v2\/pages\/55\/revisions"}],"predecessor-version":[{"id":243,"href":"https:\/\/semjonsemjon.com\/index.php\/wp-json\/wp\/v2\/pages\/55\/revisions\/243"}],"wp:featuredmedia":[{"embeddable":true,"href":"https:\/\/semjonsemjon.com\/index.php\/wp-json\/wp\/v2\/media\/19"}],"wp:attachment":[{"href":"https:\/\/semjonsemjon.com\/index.php\/wp-json\/wp\/v2\/media?parent=55"}],"curies":[{"name":"wp","href":"https:\/\/api.w.org\/{rel}","templated":true}]}}